{"id":457,"date":"2024-01-30T11:04:25","date_gmt":"2024-01-30T18:04:25","guid":{"rendered":"https:\/\/www.liceoloscabos.edu.mx\/liceo_blog\/?page_id=457"},"modified":"2024-02-08T12:56:25","modified_gmt":"2024-02-08T19:56:25","slug":"pasantes-de-contabilidad-cursaran-seminario-en-seguridad-social-impartido-por-los-mejores-especialistas-de-mexico","status":"publish","type":"page","link":"https:\/\/www.liceoloscabos.edu.mx\/liceo_blog\/pasantes-de-contabilidad-cursaran-seminario-en-seguridad-social-impartido-por-los-mejores-especialistas-de-mexico\/","title":{"rendered":"Pasantes de Contabilidad cursar\u00e1n  Seminario en Seguridad Social impartido  por los mejores especialistas de M\u00e9xico"},"content":{"rendered":"<p class=\"p1\" style=\"text-align: Justify;\"><img decoding=\"async\" loading=\"lazy\" class=\"size-medium wp-image-486 aligncenter\" src=\"https:\/\/www.liceoloscabos.edu.mx\/liceo_blog\/wp-content\/uploads\/2024\/01\/WhatsApp-Image-2024-01-30-at-19.23.26-300x148.jpeg\" alt=\"\" width=\"300\" height=\"148\" srcset=\"https:\/\/www.liceoloscabos.edu.mx\/liceo_blog\/wp-content\/uploads\/2024\/01\/WhatsApp-Image-2024-01-30-at-19.23.26-300x148.jpeg 300w, https:\/\/www.liceoloscabos.edu.mx\/liceo_blog\/wp-content\/uploads\/2024\/01\/WhatsApp-Image-2024-01-30-at-19.23.26-1024x504.jpeg 1024w, https:\/\/www.liceoloscabos.edu.mx\/liceo_blog\/wp-content\/uploads\/2024\/01\/WhatsApp-Image-2024-01-30-at-19.23.26-768x378.jpeg 768w, https:\/\/www.liceoloscabos.edu.mx\/liceo_blog\/wp-content\/uploads\/2024\/01\/WhatsApp-Image-2024-01-30-at-19.23.26-122x60.jpeg 122w, https:\/\/www.liceoloscabos.edu.mx\/liceo_blog\/wp-content\/uploads\/2024\/01\/WhatsApp-Image-2024-01-30-at-19.23.26.jpeg 1220w\" sizes=\"(max-width: 300px) 100vw, 300px\" \/><\/p>\n<p class=\"p1\" style=\"text-align: Justify;\">Pasantes de Contabilidad cursar\u00e1n Seminario en Seguridad Social impartido por los mejores especialistas de M\u00e9xico:<\/p>\n<p>&nbsp;<\/p>\n<p>&nbsp;<\/p>\n<p class=\"p1\" style=\"text-align: Justify;\">\u2022 Se trata del modelo que les permitir\u00e1, a su vez, ser evaluados y obtener su t\u00edtulo profesional.<\/p>\n<p class=\"p2\" style=\"text-align: Justify;\">\u2022 El programa de estudio ser\u00e1 impartido por integrantes del Instituto Mexicano de Contadores P\u00fablicos y de su Comisi\u00f3n Representativa ante Organismos de Seguridad Social.<\/p>\n<p class=\"p2\" style=\"text-align: Justify;\">\u2022 El Seminario responde a las atinadas gestiones de nuestro Rector, Roberto Ch\u00e1vez\u00a0Camarena, en materia de vinculaci\u00f3n institucional.<\/p>\n<p class=\"p3\" style=\"text-align: Justify;\">Cabo San Lucas, Baja California Sur, M\u00e9xico, enero 19 de 2024.- Con el fin de agregar valor al\u00a0proceso de titulaci\u00f3n de nuestra generaci\u00f3n puntera, obtener una real actualizaci\u00f3n sobre el tema y\u00a0establecer conexiones con prestigiados profesionales y acad\u00e9micos, Liceo Universitario en\u00a0\u00a0coordinaci\u00f3n con el Instituto Mexicano de Contadores P\u00fablicos (IMPC), en breve pondr\u00e1n en marcha\u00a0un Seminario en Materia de Seguridad Social.<\/p>\n<p class=\"p3\" style=\"text-align: Justify;\">Debido a la participaci\u00f3n directa de comisionados nacionales, tanto en el dise\u00f1o como exposici\u00f3n\u00a0de los temas, se trata de un curso sin precedentes en Los Cabos, y a su vez, un m\u00f3dulo adicional a\u00a0los programas de estudio de nuestra Licenciatura en Contabilidad, concebido con un particular\u00a0enfoque hacia j\u00f3venes estudiantes pr\u00f3ximos a graduarse.<\/p>\n<p class=\"p3\" style=\"text-align: Justify;\">El Seminario responde a las atinadas gestiones de nuestro Rector, Roberto Ch\u00e1vez Camarena, y a su\u00a0\u00e9nfasis y constante apertura de procesos de vinculaci\u00f3n institucional.<\/p>\n<p class=\"p3\" style=\"text-align: Justify;\">\u201cDirectivos y estudiantes de Liceo nos sentimos honrados y celebramos esta oportunidad, ya que se\u00a0fomenta el di\u00e1logo y el intercambio de ideas entre los j\u00f3venes asistentes para estimular un ambiente\u00a0de pleno aprendizaje, y todo ello en modo colaborativo\u201d, refiri\u00f3 el director de Liceo Universitario,\u00a0Jos\u00e9 Andr\u00e9s Gayt\u00e1n Frettlohr.\u00a0Cabe subrayar que el ejercicio acad\u00e9mico cuenta con el aval del Presidente de la Comisi\u00f3n\u00a0Representativa ante Organismos de Seguridad Social (CROSS) del IMCP, C.P.C. Edgar Enr\u00edquez\u00a0V\u00e1zquez, del Presidente del Colegio de Contadores P\u00fablico de Los Cabos, C.P.C. Oscar Alonso S\u00e1nchez\u00a0Hern\u00e1ndez, y de connotados integrantes del organismo federado, como son el C.P.C. Luis Roberto\u00a0Montes Garc\u00eda, C.P.C. Javier Ju\u00e1rez Ocotencatl y C.P.C. Roberto Cristian Ag\u00fandez Acu\u00f1a.\u00a0Por su parte, los estudiantes beneficiados deber\u00e1n rendir un informe ante sinodales al t\u00e9rmino del\u00a0ejercicio, de modo que se haga patente su comprensi\u00f3n, an\u00e1lisis y utilidad pr\u00e1ctica, y en su caso,obtener los est\u00e1ndares institucionales que avalen su posterior acreditaci\u00f3n ante nuestras\u00a0autoridades educativas.<\/p>\n<p class=\"p3\" style=\"text-align: Justify;\">\u201cRiesgos de trabajo, pensiones, fiscalizaci\u00f3n, entre muchos otros temas, ser\u00e1n abordados por los\u00a0especializas mejor capacitados de M\u00e9xico, tanto en formato presencial como en l\u00ednea, y ello servir\u00e1\u00a0de alternativa a una generaci\u00f3n que no manifiesta una afinidad por los procesos de investigaci\u00f3n\u00a0individualizados (tesis, tesinas), sino por la s\u00edntesis opinada y nuevas vetas de conocimiento que se\u00a0derivan del intercambio de conocimientos directo y en su grado m\u00e1ximo de actualizaci\u00f3n\u201d, subray\u00f3\u00a0Gayt\u00e1n Frettlohr.<\/p>\n<p class=\"p3\" style=\"text-align: Justify;\">Enhorabuena a nuestros estudiantes y plantilla docente y un especial agradecimiento C.P.C. Roberto\u00a0Cristian Ag\u00fandez Acu\u00f1a, quien ha fungido como enlace, promotor y gestor de buena parte de las<\/p>\n<p>&nbsp;<\/p>\n<p><img decoding=\"async\" loading=\"lazy\" class=\"size-medium wp-image-486 aligncenter\" src=\"https:\/\/www.liceoloscabos.edu.mx\/liceo_blog\/wp-content\/uploads\/2024\/01\/WhatsApp-Image-2024-01-30-at-19.23.26-300x148.jpeg\" alt=\"\" width=\"300\" height=\"148\" srcset=\"https:\/\/www.liceoloscabos.edu.mx\/liceo_blog\/wp-content\/uploads\/2024\/01\/WhatsApp-Image-2024-01-30-at-19.23.26-300x148.jpeg 300w, https:\/\/www.liceoloscabos.edu.mx\/liceo_blog\/wp-content\/uploads\/2024\/01\/WhatsApp-Image-2024-01-30-at-19.23.26-1024x504.jpeg 1024w, https:\/\/www.liceoloscabos.edu.mx\/liceo_blog\/wp-content\/uploads\/2024\/01\/WhatsApp-Image-2024-01-30-at-19.23.26-768x378.jpeg 768w, https:\/\/www.liceoloscabos.edu.mx\/liceo_blog\/wp-content\/uploads\/2024\/01\/WhatsApp-Image-2024-01-30-at-19.23.26-122x60.jpeg 122w, https:\/\/www.liceoloscabos.edu.mx\/liceo_blog\/wp-content\/uploads\/2024\/01\/WhatsApp-Image-2024-01-30-at-19.23.26.jpeg 1220w\" sizes=\"(max-width: 300px) 100vw, 300px\" \/><\/p>\n<p class=\"p3\" style=\"text-align: center;\">Atr\u00e9vete a Saber,<\/p>\n<p class=\"p3\" style=\"text-align: center;\">Sapere Aude.<\/p>\n<p class=\"p3\" style=\"text-align: center;\">-o0o-<\/p>\n<p>&nbsp;<\/p>\n<p><a href=\"https:\/\/www.liceoloscabos.edu.mx\/liceo_blog\/wp-content\/uploads\/2024\/01\/Pasantes-de-Contabilidad-cursaran-Seminario-en-Seguridad-Social-impartido-por-los-mejores-especialistas-de-Mexico.pdf\">Pasantes de Contabilidad cursara\u0301n Seminario en Seguridad Social impartido por los mejores especialistas de Me\u0301xico<\/a><\/p>\n","protected":false},"excerpt":{"rendered":"<p>Pasantes de Contabilidad cursar\u00e1n Seminario en Seguridad Social impartido por los mejores especialistas de M\u00e9xico: &nbsp; &nbsp; \u2022 Se trata del modelo que les permitir\u00e1, &hellip; <\/p>\n","protected":false},"author":2,"featured_media":490,"parent":0,"menu_order":0,"comment_status":"closed","ping_status":"closed","template":"","meta":{"_coblocks_attr":"","_coblocks_dimensions":"","_coblocks_responsive_height":"","_coblocks_accordion_ie_support":""},"_links":{"self":[{"href":"https:\/\/www.liceoloscabos.edu.mx\/liceo_blog\/wp-json\/wp\/v2\/pages\/457"}],"collection":[{"href":"https:\/\/www.liceoloscabos.edu.mx\/liceo_blog\/wp-json\/wp\/v2\/pages"}],"about":[{"href":"https:\/\/www.liceoloscabos.edu.mx\/liceo_blog\/wp-json\/wp\/v2\/types\/page"}],"author":[{"embeddable":true,"href":"https:\/\/www.liceoloscabos.edu.mx\/liceo_blog\/wp-json\/wp\/v2\/users\/2"}],"replies":[{"embeddable":true,"href":"https:\/\/www.liceoloscabos.edu.mx\/liceo_blog\/wp-json\/wp\/v2\/comments?post=457"}],"version-history":[{"count":19,"href":"https:\/\/www.liceoloscabos.edu.mx\/liceo_blog\/wp-json\/wp\/v2\/pages\/457\/revisions"}],"predecessor-version":[{"id":512,"href":"https:\/\/www.liceoloscabos.edu.mx\/liceo_blog\/wp-json\/wp\/v2\/pages\/457\/revisions\/512"}],"wp:featuredmedia":[{"embeddable":true,"href":"https:\/\/www.liceoloscabos.edu.mx\/liceo_blog\/wp-json\/wp\/v2\/media\/490"}],"wp:attachment":[{"href":"https:\/\/www.liceoloscabos.edu.mx\/liceo_blog\/wp-json\/wp\/v2\/media?parent=457"}],"curies":[{"name":"wp","href":"https:\/\/api.w.org\/{rel}","templated":true}]}}